{"id":1343,"date":"2025-06-20T16:37:20","date_gmt":"2025-06-20T14:37:20","guid":{"rendered":"https:\/\/laiavilanova.org\/publications\/"},"modified":"2025-08-28T08:32:34","modified_gmt":"2025-08-28T06:32:34","slug":"publications","status":"publish","type":"page","link":"https:\/\/laiavilanova.org\/en\/publications\/","title":{"rendered":"Publications"},"content":{"rendered":"<p>[et_pb_section fb_built=&#8221;1&#8243; _builder_version=&#8221;4.27.4&#8243; _module_preset=&#8221;default&#8221; background_color=&#8221;#FEF9F0&#8243; global_colors_info=&#8221;{}&#8221;][et_pb_row _builder_version=&#8221;4.27.4&#8243; _module_preset=&#8221;default&#8221; global_colors_info=&#8221;{}&#8221;][et_pb_column type=&#8221;4_4&#8243; _builder_version=&#8221;4.27.4&#8243; _module_preset=&#8221;default&#8221; global_colors_info=&#8221;{}&#8221;][et_pb_text _builder_version=&#8221;4.27.4&#8243; _dynamic_attributes=&#8221;content&#8221; _module_preset=&#8221;default&#8221; header_font=&#8221;|700|||||||&#8221; header_font_size=&#8221;52px&#8221; custom_margin=&#8221;||24px|||&#8221; header_font_size_tablet=&#8221;48px&#8221; header_font_size_phone=&#8221;38px&#8221; header_font_size_last_edited=&#8221;on|tablet&#8221; global_colors_info=&#8221;{}&#8221;]@ET-DC@eyJkeW5hbWljIjp0cnVlLCJjb250ZW50IjoicG9zdF90aXRsZSIsInNldHRpbmdzIjp7ImJlZm9yZSI6IjxoMT4iLCJhZnRlciI6IjwvaDE+IiwiZW5hYmxlX2h0bWwiOiJvZmYifX0=@[\/et_pb_text][et_pb_text _builder_version=&#8221;4.27.4&#8243; _module_preset=&#8221;default&#8221; hover_enabled=&#8221;0&#8243; global_colors_info=&#8221;{}&#8221; sticky_enabled=&#8221;0&#8243;]<\/p>\n<p>Literary translation, in addition to being part of my professional business, is a craft that lets me turn work into a passion. Here you can see some of the works I\u2019ve translated over the years. <\/p>\n<p>[\/et_pb_text][\/et_pb_column][\/et_pb_row][et_pb_row use_custom_gutter=&#8221;on&#8221; gutter_width=&#8221;2&#8243; make_equal=&#8221;on&#8221; _builder_version=&#8221;4.27.4&#8243; _module_preset=&#8221;default&#8221; background_enable_color=&#8221;off&#8221; border_radii=&#8221;on|30px|30px|30px|30px&#8221; global_colors_info=&#8221;{}&#8221;][et_pb_column type=&#8221;4_4&#8243; _builder_version=&#8221;4.27.4&#8243; _module_preset=&#8221;default&#8221; custom_padding=&#8221;0px|0px|0px|0px|false|true&#8221; animation_style=&#8221;slide&#8221; animation_direction=&#8221;bottom&#8221; animation_intensity_slide=&#8221;2%&#8221; border_radii=&#8221;on|30px|30px|30px|30px&#8221; global_colors_info=&#8221;{}&#8221;][et_pb_text _builder_version=&#8221;4.27.4&#8243; _module_preset=&#8221;default&#8221; custom_margin=&#8221;||4px|||&#8221; global_colors_info=&#8221;{}&#8221;]<\/p>\n<div id=\"publicaciones\">\n\t\t\t\t<div class=\"libro\">\n\t\t\t\t<div class=\"imagen-libro\"><img loading=\"lazy\" decoding=\"async\" width=\"340\" height=\"340\" src=\"https:\/\/laiavilanova.org\/wp-content\/uploads\/2025\/10\/1540-1.jpg\" class=\"attachment-medium size-medium wp-post-image\" alt=\"\" srcset=\"https:\/\/laiavilanova.org\/wp-content\/uploads\/2025\/10\/1540-1.jpg 340w, https:\/\/laiavilanova.org\/wp-content\/uploads\/2025\/10\/1540-1-300x300.jpg 300w, https:\/\/laiavilanova.org\/wp-content\/uploads\/2025\/10\/1540-1-150x150.jpg 150w\" sizes=\"(max-width: 1000px) 100vw, 1000px\" \/><\/div>\n\t\t\t\t<div class=\"titulo\"><h2>Ximet, no patisques, continua endavant<\/h2><\/div>\n\t\t\t\t<div class=\"autor\">Amaia \u00c1varez, Marc Sintes i Sergio Olives<\/div>\n\t\t\t\t<hr\/>\n\t\t\t\t<div class=\"editorial\">Baridora Ediciones<\/div>\n\t\t\t\t<div class=\"anyo\">2025<\/div>\n\t\t\t<\/div>\n\t\t\t\t\t\t<div class=\"libro\">\n\t\t\t\t<div class=\"imagen-libro\"><img loading=\"lazy\" decoding=\"async\" width=\"842\" height=\"1023\" src=\"https:\/\/laiavilanova.org\/wp-content\/uploads\/2025\/07\/unpaso.jpg\" class=\"attachment-medium size-medium wp-post-image\" alt=\"Portada del libro Un Paso\" srcset=\"https:\/\/laiavilanova.org\/wp-content\/uploads\/2025\/07\/unpaso.jpg 842w, https:\/\/laiavilanova.org\/wp-content\/uploads\/2025\/07\/unpaso-480x583.jpg 480w\" sizes=\"(max-width: 1000px) 100vw, 1000px\" \/><\/div>\n\t\t\t\t<div class=\"titulo\"><h2>Un paso<\/h2><\/div>\n\t\t\t\t<div class=\"autor\">Oh Jungsoon<\/div>\n\t\t\t\t<hr\/>\n\t\t\t\t<div class=\"editorial\">Batidora Ediciones<\/div>\n\t\t\t\t<div class=\"anyo\">2025<\/div>\n\t\t\t<\/div>\n\t\t\t\t\t\t<div class=\"libro\">\n\t\t\t\t<div class=\"imagen-libro\"><img loading=\"lazy\" decoding=\"async\" width=\"842\" height=\"1023\" src=\"https:\/\/laiavilanova.org\/wp-content\/uploads\/2025\/07\/booktalking.jpg\" class=\"attachment-medium size-medium wp-post-image\" alt=\"Im\u00e1genes del juego de cartas &quot;Booktalking&quot;\" srcset=\"https:\/\/laiavilanova.org\/wp-content\/uploads\/2025\/07\/booktalking.jpg 842w, https:\/\/laiavilanova.org\/wp-content\/uploads\/2025\/07\/booktalking-480x583.jpg 480w\" sizes=\"(max-width: 1000px) 100vw, 1000px\" \/><\/div>\n\t\t\t\t<div class=\"titulo\"><h2>Booktalking<\/h2><\/div>\n\t\t\t\t<div class=\"autor\">Luciana Reis i Pu\u00f1o<\/div>\n\t\t\t\t<hr\/>\n\t\t\t\t<div class=\"editorial\">Batidora Ediciones<\/div>\n\t\t\t\t<div class=\"anyo\">2024<\/div>\n\t\t\t<\/div>\n\t\t\t\t\t\t<div class=\"libro\">\n\t\t\t\t<div class=\"imagen-libro\"><img loading=\"lazy\" decoding=\"async\" width=\"842\" height=\"1023\" src=\"https:\/\/laiavilanova.org\/wp-content\/uploads\/2025\/07\/salvant-la-caputxeta-vermella.jpg\" class=\"attachment-medium size-medium wp-post-image\" alt=\"Portada del libro &quot;Salvant la Caputxeta Vermella&quot;\" srcset=\"https:\/\/laiavilanova.org\/wp-content\/uploads\/2025\/07\/salvant-la-caputxeta-vermella.jpg 842w, https:\/\/laiavilanova.org\/wp-content\/uploads\/2025\/07\/salvant-la-caputxeta-vermella-480x583.jpg 480w\" sizes=\"(max-width: 1000px) 100vw, 1000px\" \/><\/div>\n\t\t\t\t<div class=\"titulo\"><h2>Salvant la Caputxeta Vermella<\/h2><\/div>\n\t\t\t\t<div class=\"autor\">Bernardes C. I Eskelsen, G.<\/div>\n\t\t\t\t<hr\/>\n\t\t\t\t<div class=\"editorial\">Batidora Ediciones<\/div>\n\t\t\t\t<div class=\"anyo\">2023<\/div>\n\t\t\t<\/div>\n\t\t\t\t\t\t<div class=\"libro\">\n\t\t\t\t<div class=\"imagen-libro\"><img loading=\"lazy\" decoding=\"async\" width=\"842\" height=\"1023\" src=\"https:\/\/laiavilanova.org\/wp-content\/uploads\/2025\/07\/els-banys-de-lalmirall.jpg\" class=\"attachment-medium size-medium wp-post-image\" alt=\"Portada del libro Els Banys de l&#039;Almirall\" srcset=\"https:\/\/laiavilanova.org\/wp-content\/uploads\/2025\/07\/els-banys-de-lalmirall.jpg 842w, https:\/\/laiavilanova.org\/wp-content\/uploads\/2025\/07\/els-banys-de-lalmirall-480x583.jpg 480w\" sizes=\"(max-width: 1000px) 100vw, 1000px\" \/><\/div>\n\t\t\t\t<div class=\"titulo\"><h2>Els Banys de l\u2019Almirall<\/h2><\/div>\n\t\t\t\t<div class=\"autor\">Dana Gynther<\/div>\n\t\t\t\t<hr\/>\n\t\t\t\t<div class=\"editorial\">Batidora Ediciones<\/div>\n\t\t\t\t<div class=\"anyo\">2021<\/div>\n\t\t\t<\/div>\n\t\t\t\t\t\t<div class=\"libro\">\n\t\t\t\t<div class=\"imagen-libro\"><img loading=\"lazy\" decoding=\"async\" width=\"842\" height=\"1023\" src=\"https:\/\/laiavilanova.org\/wp-content\/uploads\/2025\/07\/enlloc.jpg\" class=\"attachment-medium size-medium wp-post-image\" alt=\"Portada del libro Enlloc\" srcset=\"https:\/\/laiavilanova.org\/wp-content\/uploads\/2025\/07\/enlloc.jpg 842w, https:\/\/laiavilanova.org\/wp-content\/uploads\/2025\/07\/enlloc-480x583.jpg 480w\" sizes=\"(max-width: 1000px) 100vw, 1000px\" \/><\/div>\n\t\t\t\t<div class=\"titulo\"><h2>Enlloc<\/h2><\/div>\n\t\t\t\t<div class=\"autor\">G. Casta\u00f1ares Mart\u00ed<\/div>\n\t\t\t\t<hr\/>\n\t\t\t\t<div class=\"editorial\">Batidora Ediciones<\/div>\n\t\t\t\t<div class=\"anyo\">2021<\/div>\n\t\t\t<\/div>\n\t\t\t\t\t\t<div class=\"libro\">\n\t\t\t\t<div class=\"imagen-libro\"><img loading=\"lazy\" decoding=\"async\" width=\"842\" height=\"1023\" src=\"https:\/\/laiavilanova.org\/wp-content\/uploads\/2025\/07\/lacovadelapintura.jpg\" class=\"attachment-medium size-medium wp-post-image\" alt=\"Portada del libro La Cova de la Pintura\" srcset=\"https:\/\/laiavilanova.org\/wp-content\/uploads\/2025\/07\/lacovadelapintura.jpg 842w, https:\/\/laiavilanova.org\/wp-content\/uploads\/2025\/07\/lacovadelapintura-480x583.jpg 480w\" sizes=\"(max-width: 1000px) 100vw, 1000px\" \/><\/div>\n\t\t\t\t<div class=\"titulo\"><h2>La Cova de la Pintura<\/h2><\/div>\n\t\t\t\t<div class=\"autor\">M. Carmen Gonz\u00e1lez<\/div>\n\t\t\t\t<hr\/>\n\t\t\t\t<div class=\"editorial\">Batidora Ediciones<\/div>\n\t\t\t\t<div class=\"anyo\">2018<\/div>\n\t\t\t<\/div>\n\t\t\t\t\t\t<div class=\"libro\">\n\t\t\t\t<div class=\"imagen-libro\"><img loading=\"lazy\" decoding=\"async\" width=\"842\" height=\"1023\" src=\"https:\/\/laiavilanova.org\/wp-content\/uploads\/2025\/07\/el-bruixot.jpg\" class=\"attachment-medium size-medium wp-post-image\" alt=\"Portada del libro &quot;El Bruixot Maduixot&quot;\" srcset=\"https:\/\/laiavilanova.org\/wp-content\/uploads\/2025\/07\/el-bruixot.jpg 842w, https:\/\/laiavilanova.org\/wp-content\/uploads\/2025\/07\/el-bruixot-480x583.jpg 480w\" sizes=\"(max-width: 1000px) 100vw, 1000px\" \/><\/div>\n\t\t\t\t<div class=\"titulo\"><h2>El Bruixot Maduixot<\/h2><\/div>\n\t\t\t\t<div class=\"autor\">M. Carmen Gonz\u00e1lez y Silvia \u00c1lvarez<\/div>\n\t\t\t\t<hr\/>\n\t\t\t\t<div class=\"editorial\">Batidora Ediciones<\/div>\n\t\t\t\t<div class=\"anyo\">2017<\/div>\n\t\t\t<\/div>\n\t\t\t\t\t\t<div class=\"libro\">\n\t\t\t\t<div class=\"imagen-libro\"><img loading=\"lazy\" decoding=\"async\" width=\"842\" height=\"1023\" src=\"https:\/\/laiavilanova.org\/wp-content\/uploads\/2025\/07\/Daxenca.jpg\" class=\"attachment-medium size-medium wp-post-image\" alt=\"Portada del libro Daxenka\" srcset=\"https:\/\/laiavilanova.org\/wp-content\/uploads\/2025\/07\/Daxenca.jpg 842w, https:\/\/laiavilanova.org\/wp-content\/uploads\/2025\/07\/Daxenca-480x583.jpg 480w\" sizes=\"(max-width: 1000px) 100vw, 1000px\" \/><\/div>\n\t\t\t\t<div class=\"titulo\"><h2>D\u00e1\u0161e\u0148ka, \u00e9s a dir, la vida d\u2019un cadell<\/h2><\/div>\n\t\t\t\t<div class=\"autor\">Karel \u010capek<\/div>\n\t\t\t\t<hr\/>\n\t\t\t\t<div class=\"editorial\">Editorial IRTA<\/div>\n\t\t\t\t<div class=\"anyo\">2008<\/div>\n\t\t\t<\/div>\n\t\t\t\t\t\t<div class=\"libro\">\n\t\t\t\t<div class=\"imagen-libro\"><img loading=\"lazy\" decoding=\"async\" width=\"842\" height=\"1023\" src=\"https:\/\/laiavilanova.org\/wp-content\/uploads\/2025\/07\/Olfactededetectiu.jpg\" class=\"attachment-medium size-medium wp-post-image\" alt=\"Portada del libro Olfacte de detectiu\" srcset=\"https:\/\/laiavilanova.org\/wp-content\/uploads\/2025\/07\/Olfactededetectiu.jpg 842w, https:\/\/laiavilanova.org\/wp-content\/uploads\/2025\/07\/Olfactededetectiu-480x583.jpg 480w\" sizes=\"(max-width: 1000px) 100vw, 1000px\" \/><\/div>\n\t\t\t\t<div class=\"titulo\"><h2>Olfacte de detectiu<\/h2><\/div>\n\t\t\t\t<div class=\"autor\">C. N\u00f6stlinger<\/div>\n\t\t\t\t<hr\/>\n\t\t\t\t<div class=\"editorial\">Edicions Bromera<\/div>\n\t\t\t\t<div class=\"anyo\">2006<\/div>\n\t\t\t<\/div>\n\t\t\t\t\t\t<div class=\"libro\">\n\t\t\t\t<div class=\"imagen-libro\"><img loading=\"lazy\" decoding=\"async\" width=\"842\" height=\"1023\" src=\"https:\/\/laiavilanova.org\/wp-content\/uploads\/2025\/07\/los-demonios-de-pandora.jpg\" class=\"attachment-medium size-medium wp-post-image\" alt=\"Portada del libro Los demonios de Pandora\" srcset=\"https:\/\/laiavilanova.org\/wp-content\/uploads\/2025\/07\/los-demonios-de-pandora.jpg 842w, https:\/\/laiavilanova.org\/wp-content\/uploads\/2025\/07\/los-demonios-de-pandora-480x583.jpg 480w\" sizes=\"(max-width: 1000px) 100vw, 1000px\" \/><\/div>\n\t\t\t\t<div class=\"titulo\"><h2>Los demonios de Pandora<\/h2><\/div>\n\t\t\t\t<div class=\"autor\">S. Vilapalana<\/div>\n\t\t\t\t<hr\/>\n\t\t\t\t<div class=\"editorial\">Algar Editorial<\/div>\n\t\t\t\t<div class=\"anyo\">2006<\/div>\n\t\t\t<\/div>\n\t\t\t\t\t\t<div class=\"libro\">\n\t\t\t\t<div class=\"imagen-libro\"><img loading=\"lazy\" decoding=\"async\" width=\"842\" height=\"1023\" src=\"https:\/\/laiavilanova.org\/wp-content\/uploads\/2025\/07\/sin-portada.jpg\" class=\"attachment-medium size-medium wp-post-image\" alt=\"Portada no disponible\" srcset=\"https:\/\/laiavilanova.org\/wp-content\/uploads\/2025\/07\/sin-portada.jpg 842w, https:\/\/laiavilanova.org\/wp-content\/uploads\/2025\/07\/sin-portada-480x583.jpg 480w\" sizes=\"(max-width: 1000px) 100vw, 1000px\" \/><\/div>\n\t\t\t\t<div class=\"titulo\"><h2>El s\u00f2rab a Lus\u00e0cia: la pol\u00edtica ling\u00fc\u00edstica i l\u2019\u00fas de l\u2019idioma<\/h2><\/div>\n\t\t\t\t<div class=\"autor\">Ludwig Elle<\/div>\n\t\t\t\t<hr\/>\n\t\t\t\t<div class=\"editorial\">Agrupaci\u00f3 Borrianenca de Cultura<\/div>\n\t\t\t\t<div class=\"anyo\">2006<\/div>\n\t\t\t<\/div>\n\t\t\t\t\t\t<div class=\"libro\">\n\t\t\t\t<div class=\"imagen-libro\"><img loading=\"lazy\" decoding=\"async\" width=\"842\" height=\"1023\" src=\"https:\/\/laiavilanova.org\/wp-content\/uploads\/2025\/07\/sin-portada.jpg\" class=\"attachment-medium size-medium wp-post-image\" alt=\"Portada no disponible\" srcset=\"https:\/\/laiavilanova.org\/wp-content\/uploads\/2025\/07\/sin-portada.jpg 842w, https:\/\/laiavilanova.org\/wp-content\/uploads\/2025\/07\/sin-portada-480x583.jpg 480w\" sizes=\"(max-width: 1000px) 100vw, 1000px\" \/><\/div>\n\t\t\t\t<div class=\"titulo\"><h2>L\u2019euskara, la llengua basca<\/h2><\/div>\n\t\t\t\t<div class=\"autor\">Andoni Barre\u00f1a<\/div>\n\t\t\t\t<hr\/>\n\t\t\t\t<div class=\"editorial\">Agrupaci\u00f3 Borrianenca de Cultura<\/div>\n\t\t\t\t<div class=\"anyo\">2006<\/div>\n\t\t\t<\/div>\n\t\t\t<\/div>\n<style>\n\tdiv#publicaciones {\n\t\tdisplay: flex;\n\t\tflex-direction: row;\n\t\tflex-wrap: wrap;\n\t\talign-items: stretch;\n\t\talign-content: flex-start;\n\t\tjustify-content: space-between;\n\t\tgap: 2%;\n\t}\n\t\n\tdiv#publicaciones .libro {\n\t\tbackground-color: #fff;\n\t\twidth: 23%;\n\t\tborder-radius: 30px;\n\t\toverflow: hidden;\n\t\tpadding-top: 20px;\n\t\tpadding-right: 30px;\n\t\tpadding-bottom: 20px;\n\t\tpadding-left: 30px;\n\t\tmargin-bottom: 3%;\n\t}\n\t\n\tdiv#publicaciones .libro .imagen-libro {\n\t\tmargin-bottom: 6.593%;\n\t}\n\t\n\tdiv#publicaciones .libro .imagen-libro img {\n\t\twidth: 100%;\n\t\tobject-fit: cover;\n\t}\n\t\n\tdiv#publicaciones .libro .titulo h2 {\n\t\tfont-size: 23px;\n\t\tfont-family: 'Outfit', Helvetica, Arial, Lucida, sans-serif;\n\t\tpadding-bottom: 10px;\n\t\tline-height: 1em;\n\t\tfont-weight: 500;\n\t}\n\t\n\tdiv#publicaciones .libro hr {\n\t    background-color: #3DD7C7;\n\t\tborder: 0px;\n\t\theight: 1px;\n\t}\n\t\n\tdiv#publicaciones .libro .editorial,\n\tdiv#publicaciones .libro .anyo {\n\t\tfont-family: 'Inter', Helvetica, Arial, Lucida, sans-serif;\n\t\tfont-size: 14px;\n\t\tfont-weight: 500;\n\t\tcolor: #555555;\n\t}\n\t\n\t@media all and (max-width: 1200px) {\n\t\tdiv#publicaciones {\n\t\t\tgap: 2%;\n\t\t}\n\t\t\n\t\tdiv#publicaciones .libro {\n\t\t\twidth: 31%;\n\t\t\tmargin-bottom: 3%;\n\t\t}\n\t}\n\t\n\t@media all and (max-width: 980px) {\n\t\tdiv#publicaciones {\n\t\t\tgap: 3%;\n\t\t}\n\t\t\n\t\tdiv#publicaciones .libro {\n\t\t\twidth: 47%;\n\t\t\tmargin-bottom: 4%;\n\t\t}\n\t}\n\t\n\t@media all and (max-width: 600px) {\n\t\tdiv#publicaciones {\n\t\t\tgap: 0%;\n\t\t}\n\t\t\n\t\tdiv#publicaciones .libro {\n\t\t\twidth: 100%;\n\t\t\tmargin-bottom: 5%;\n\t\t}\n\t}\n<\/style>\n<p>[\/et_pb_text][\/et_pb_column][\/et_pb_row][et_pb_row column_structure=&#8221;1_4,1_4,1_4,1_4&#8243; use_custom_gutter=&#8221;on&#8221; gutter_width=&#8221;2&#8243; make_equal=&#8221;on&#8221; disabled_on=&#8221;on|on|on&#8221; _builder_version=&#8221;4.27.4&#8243; _module_preset=&#8221;default&#8221; background_enable_color=&#8221;off&#8221; border_radii=&#8221;on|30px|30px|30px|30px&#8221; disabled=&#8221;on&#8221; global_colors_info=&#8221;{}&#8221;][et_pb_column type=&#8221;1_4&#8243; _builder_version=&#8221;4.27.4&#8243; _module_preset=&#8221;default&#8221; background_color=&#8221;#FFFFFF&#8221; custom_padding=&#8221;20px|30px|20px|30px|false|true&#8221; animation_style=&#8221;slide&#8221; animation_direction=&#8221;bottom&#8221; animation_intensity_slide=&#8221;2%&#8221; border_radii=&#8221;on|30px|30px|30px|30px&#8221; global_colors_info=&#8221;{}&#8221;][et_pb_image src=&#8221;http:\/\/laiavilanova.org\/wp-content\/uploads\/2025\/07\/unpaso.jpg&#8221; title_text=&#8221;unpaso&#8221; _builder_version=&#8221;4.27.4&#8243; _module_preset=&#8221;default&#8221; background_enable_color=&#8221;off&#8221; width_last_edited=&#8221;off|desktop&#8221; module_alignment=&#8221;left&#8221; custom_padding=&#8221;10px||||false|false&#8221; animation_style=&#8221;fade&#8221; global_colors_info=&#8221;{}&#8221; width__hover_enabled=&#8221;off|desktop&#8221;][\/et_pb_image][et_pb_text _builder_version=&#8221;4.27.4&#8243; _module_preset=&#8221;default&#8221; custom_margin=&#8221;||-1px|||&#8221; global_colors_info=&#8221;{}&#8221;]<\/p>\n<h2>Un paso<\/h2>\n<p>[\/et_pb_text][et_pb_text _builder_version=&#8221;4.27.4&#8243; _module_preset=&#8221;default&#8221; custom_margin=&#8221;||4px|||&#8221; global_colors_info=&#8221;{}&#8221;]<\/p>\n<p>Oh Jungsoon<\/p>\n<p>[\/et_pb_text][et_pb_divider color=&#8221;#3DD7C7&#8243; _builder_version=&#8221;4.27.4&#8243; _module_preset=&#8221;default&#8221; custom_margin=&#8221;8px||-15px||false|false&#8221; custom_padding=&#8221;||0px|||&#8221; global_colors_info=&#8221;{}&#8221;][\/et_pb_divider][et_pb_text module_class=&#8221;barra-verde&#8221; _builder_version=&#8221;4.27.4&#8243; _module_preset=&#8221;default&#8221; text_font_size=&#8221;14px&#8221; custom_margin=&#8221;||4px|||&#8221; global_colors_info=&#8221;{}&#8221;]Batidora Ediciones[\/et_pb_text][et_pb_text _builder_version=&#8221;4.27.4&#8243; _module_preset=&#8221;default&#8221; text_font_size=&#8221;14px&#8221; custom_margin=&#8221;-5px|||||&#8221; global_colors_info=&#8221;{}&#8221;]<\/p>\n<p>2025<\/p>\n<p>[\/et_pb_text][\/et_pb_column][et_pb_column type=&#8221;1_4&#8243; _builder_version=&#8221;4.27.4&#8243; _module_preset=&#8221;default&#8221; background_color=&#8221;#FFFFFF&#8221; custom_padding=&#8221;20px|30px|20px|30px|false|true&#8221; animation_style=&#8221;slide&#8221; animation_direction=&#8221;bottom&#8221; animation_intensity_slide=&#8221;2%&#8221; border_radii=&#8221;on|30px|30px|30px|30px&#8221; global_colors_info=&#8221;{}&#8221;][et_pb_image src=&#8221;http:\/\/laiavilanova.org\/wp-content\/uploads\/2025\/07\/booktalking.jpg&#8221; title_text=&#8221;booktalking&#8221; _builder_version=&#8221;4.27.4&#8243; _module_preset=&#8221;default&#8221; background_enable_color=&#8221;off&#8221; width_last_edited=&#8221;off|desktop&#8221; module_alignment=&#8221;left&#8221; custom_padding=&#8221;10px||||false|false&#8221; animation_style=&#8221;fade&#8221; global_colors_info=&#8221;{}&#8221; width__hover_enabled=&#8221;off|desktop&#8221;][\/et_pb_image][et_pb_text _builder_version=&#8221;4.27.4&#8243; _module_preset=&#8221;default&#8221; custom_margin=&#8221;||-1px|||&#8221; global_colors_info=&#8221;{}&#8221;]<\/p>\n<h2>Booktalking<\/h2>\n<p>[\/et_pb_text][et_pb_text _builder_version=&#8221;4.27.4&#8243; _module_preset=&#8221;default&#8221; custom_margin=&#8221;||4px|||&#8221; global_colors_info=&#8221;{}&#8221;]<\/p>\n<p>Luciana Reis i Pu\u00f1o<\/p>\n<p>[\/et_pb_text][et_pb_divider color=&#8221;#3DD7C7&#8243; _builder_version=&#8221;4.27.4&#8243; _module_preset=&#8221;default&#8221; custom_margin=&#8221;8px||-15px||false|false&#8221; custom_padding=&#8221;||0px|||&#8221; global_colors_info=&#8221;{}&#8221;][\/et_pb_divider][et_pb_text module_class=&#8221;barra-verde&#8221; _builder_version=&#8221;4.27.4&#8243; _module_preset=&#8221;default&#8221; text_font_size=&#8221;14px&#8221; custom_margin=&#8221;||4px|||&#8221; global_colors_info=&#8221;{}&#8221;]Batidora Ediciones[\/et_pb_text][et_pb_text _builder_version=&#8221;4.27.4&#8243; _module_preset=&#8221;default&#8221; text_font_size=&#8221;14px&#8221; custom_margin=&#8221;-5px|||||&#8221; global_colors_info=&#8221;{}&#8221;]<\/p>\n<p>2024<\/p>\n<p>[\/et_pb_text][\/et_pb_column][et_pb_column type=&#8221;1_4&#8243; _builder_version=&#8221;4.27.4&#8243; _module_preset=&#8221;default&#8221; background_color=&#8221;#FFFFFF&#8221; custom_padding=&#8221;20px|30px|20px|30px|false|true&#8221; animation_style=&#8221;slide&#8221; animation_direction=&#8221;bottom&#8221; animation_intensity_slide=&#8221;2%&#8221; border_radii=&#8221;on|30px|30px|30px|30px&#8221; global_colors_info=&#8221;{}&#8221;][et_pb_image src=&#8221;http:\/\/laiavilanova.org\/wp-content\/uploads\/2025\/07\/salvant-la-caputxeta-vermella.jpg&#8221; title_text=&#8221;salvant-la-caputxeta-vermella&#8221; _builder_version=&#8221;4.27.4&#8243; _module_preset=&#8221;default&#8221; background_enable_color=&#8221;off&#8221; width_last_edited=&#8221;off|desktop&#8221; module_alignment=&#8221;left&#8221; custom_padding=&#8221;10px||||false|false&#8221; animation_style=&#8221;fade&#8221; global_colors_info=&#8221;{}&#8221; width__hover_enabled=&#8221;off|desktop&#8221;][\/et_pb_image][et_pb_text _builder_version=&#8221;4.27.4&#8243; _module_preset=&#8221;default&#8221; custom_margin=&#8221;||-1px|||&#8221; global_colors_info=&#8221;{}&#8221;]<\/p>\n<h2>Salvant la Caputxeta Vermella<\/h2>\n<p>[\/et_pb_text][et_pb_text _builder_version=&#8221;4.27.4&#8243; _module_preset=&#8221;default&#8221; custom_margin=&#8221;||4px|||&#8221; global_colors_info=&#8221;{}&#8221;]<\/p>\n<p>Bernardes C. I Eskelsen, G.<\/p>\n<p>[\/et_pb_text][et_pb_divider color=&#8221;#3DD7C7&#8243; _builder_version=&#8221;4.27.4&#8243; _module_preset=&#8221;default&#8221; custom_margin=&#8221;8px||-15px||false|false&#8221; custom_padding=&#8221;||0px|||&#8221; global_colors_info=&#8221;{}&#8221;][\/et_pb_divider][et_pb_text module_class=&#8221;barra-verde&#8221; _builder_version=&#8221;4.27.4&#8243; _module_preset=&#8221;default&#8221; text_font_size=&#8221;14px&#8221; custom_margin=&#8221;||4px|||&#8221; global_colors_info=&#8221;{}&#8221;]Batidora Ediciones[\/et_pb_text][et_pb_text _builder_version=&#8221;4.27.4&#8243; _module_preset=&#8221;default&#8221; text_font_size=&#8221;14px&#8221; custom_margin=&#8221;-5px|||||&#8221; global_colors_info=&#8221;{}&#8221;]<\/p>\n<p>2023<\/p>\n<p>[\/et_pb_text][\/et_pb_column][et_pb_column type=&#8221;1_4&#8243; _builder_version=&#8221;4.27.4&#8243; _module_preset=&#8221;default&#8221; background_color=&#8221;#FFFFFF&#8221; custom_padding=&#8221;20px|30px|20px|30px|false|true&#8221; animation_style=&#8221;slide&#8221; animation_direction=&#8221;bottom&#8221; animation_intensity_slide=&#8221;2%&#8221; border_radii=&#8221;on|30px|30px|30px|30px&#8221; global_colors_info=&#8221;{}&#8221;][et_pb_image src=&#8221;http:\/\/laiavilanova.org\/wp-content\/uploads\/2025\/07\/els-banys-de-lalmirall.jpg&#8221; title_text=&#8221;els-banys-de-lalmirall&#8221; _builder_version=&#8221;4.27.4&#8243; _module_preset=&#8221;default&#8221; background_enable_color=&#8221;off&#8221; width_last_edited=&#8221;off|desktop&#8221; module_alignment=&#8221;left&#8221; custom_padding=&#8221;10px||||false|false&#8221; animation_style=&#8221;fade&#8221; global_colors_info=&#8221;{}&#8221; width__hover_enabled=&#8221;off|desktop&#8221;][\/et_pb_image][et_pb_text _builder_version=&#8221;4.27.4&#8243; _module_preset=&#8221;default&#8221; custom_margin=&#8221;||-1px|||&#8221; global_colors_info=&#8221;{}&#8221;]<\/p>\n<h2>Els Banys de l\u2019Almirall<\/h2>\n<p>[\/et_pb_text][et_pb_text _builder_version=&#8221;4.27.4&#8243; _module_preset=&#8221;default&#8221; custom_margin=&#8221;||4px|||&#8221; global_colors_info=&#8221;{}&#8221;]<\/p>\n<p>Dana Gynther<\/p>\n<p>[\/et_pb_text][et_pb_divider color=&#8221;#3DD7C7&#8243; _builder_version=&#8221;4.27.4&#8243; _module_preset=&#8221;default&#8221; custom_margin=&#8221;8px||-15px||false|false&#8221; custom_padding=&#8221;||0px|||&#8221; global_colors_info=&#8221;{}&#8221;][\/et_pb_divider][et_pb_text module_class=&#8221;barra-verde&#8221; _builder_version=&#8221;4.27.4&#8243; _module_preset=&#8221;default&#8221; text_font_size=&#8221;14px&#8221; custom_margin=&#8221;||4px|||&#8221; global_colors_info=&#8221;{}&#8221;]Batidora Ediciones[\/et_pb_text][et_pb_text _builder_version=&#8221;4.27.4&#8243; _module_preset=&#8221;default&#8221; text_font_size=&#8221;14px&#8221; custom_margin=&#8221;-5px|||||&#8221; global_colors_info=&#8221;{}&#8221;]<\/p>\n<p>2021<\/p>\n<p>[\/et_pb_text][\/et_pb_column][\/et_pb_row][et_pb_row column_structure=&#8221;1_4,1_4,1_4,1_4&#8243; use_custom_gutter=&#8221;on&#8221; gutter_width=&#8221;2&#8243; make_equal=&#8221;on&#8221; disabled_on=&#8221;on|on|on&#8221; _builder_version=&#8221;4.27.4&#8243; _module_preset=&#8221;default&#8221; background_enable_color=&#8221;off&#8221; custom_padding=&#8221;0px|||||&#8221; border_radii=&#8221;on|30px|30px|30px|30px&#8221; disabled=&#8221;on&#8221; global_colors_info=&#8221;{}&#8221;][et_pb_column type=&#8221;1_4&#8243; _builder_version=&#8221;4.27.4&#8243; _module_preset=&#8221;default&#8221; background_color=&#8221;#FFFFFF&#8221; custom_padding=&#8221;20px|30px|20px|30px|false|true&#8221; animation_style=&#8221;slide&#8221; animation_direction=&#8221;bottom&#8221; animation_intensity_slide=&#8221;2%&#8221; border_radii=&#8221;on|30px|30px|30px|30px&#8221; global_colors_info=&#8221;{}&#8221;][et_pb_image src=&#8221;http:\/\/laiavilanova.org\/wp-content\/uploads\/2025\/07\/enlloc.jpg&#8221; title_text=&#8221;enlloc&#8221; _builder_version=&#8221;4.27.4&#8243; _module_preset=&#8221;default&#8221; background_enable_color=&#8221;off&#8221; width_last_edited=&#8221;off|desktop&#8221; module_alignment=&#8221;left&#8221; custom_padding=&#8221;10px||||false|false&#8221; animation_style=&#8221;fade&#8221; global_colors_info=&#8221;{}&#8221; width__hover_enabled=&#8221;off|desktop&#8221;][\/et_pb_image][et_pb_text _builder_version=&#8221;4.27.4&#8243; _module_preset=&#8221;default&#8221; custom_margin=&#8221;||-1px|||&#8221; global_colors_info=&#8221;{}&#8221;]<\/p>\n<h2>Enlloc<\/h2>\n<p>[\/et_pb_text][et_pb_text _builder_version=&#8221;4.27.4&#8243; _module_preset=&#8221;default&#8221; custom_margin=&#8221;||4px|||&#8221; global_colors_info=&#8221;{}&#8221;]<\/p>\n<p>G. Casta\u00f1ares Mart\u00ed<\/p>\n<p>[\/et_pb_text][et_pb_divider color=&#8221;#3DD7C7&#8243; _builder_version=&#8221;4.27.4&#8243; _module_preset=&#8221;default&#8221; custom_margin=&#8221;8px||-15px||false|false&#8221; custom_padding=&#8221;||0px|||&#8221; global_colors_info=&#8221;{}&#8221;][\/et_pb_divider][et_pb_text module_class=&#8221;barra-verde&#8221; _builder_version=&#8221;4.27.4&#8243; _module_preset=&#8221;default&#8221; text_font_size=&#8221;14px&#8221; custom_margin=&#8221;||4px|||&#8221; global_colors_info=&#8221;{}&#8221;]<\/p>\n<p>Batidora Ediciones<\/p>\n<p>[\/et_pb_text][et_pb_text _builder_version=&#8221;4.27.4&#8243; _module_preset=&#8221;default&#8221; text_font_size=&#8221;14px&#8221; custom_margin=&#8221;-5px|||||&#8221; global_colors_info=&#8221;{}&#8221;]<\/p>\n<p>2021<\/p>\n<p>[\/et_pb_text][\/et_pb_column][et_pb_column type=&#8221;1_4&#8243; _builder_version=&#8221;4.27.4&#8243; _module_preset=&#8221;default&#8221; background_color=&#8221;#FFFFFF&#8221; custom_padding=&#8221;20px|30px|20px|30px|false|true&#8221; animation_style=&#8221;slide&#8221; animation_direction=&#8221;bottom&#8221; animation_intensity_slide=&#8221;2%&#8221; border_radii=&#8221;on|30px|30px|30px|30px&#8221; global_colors_info=&#8221;{}&#8221;][et_pb_image src=&#8221;http:\/\/laiavilanova.org\/wp-content\/uploads\/2025\/07\/lacovadelapintura.jpg&#8221; title_text=&#8221;lacovadelapintura&#8221; _builder_version=&#8221;4.27.4&#8243; _module_preset=&#8221;default&#8221; background_enable_color=&#8221;off&#8221; width_last_edited=&#8221;off|desktop&#8221; module_alignment=&#8221;left&#8221; custom_padding=&#8221;10px||||false|false&#8221; animation_style=&#8221;fade&#8221; global_colors_info=&#8221;{}&#8221; width__hover_enabled=&#8221;off|desktop&#8221;][\/et_pb_image][et_pb_text _builder_version=&#8221;4.27.4&#8243; _module_preset=&#8221;default&#8221; custom_margin=&#8221;||-1px|||&#8221; global_colors_info=&#8221;{}&#8221;]<\/p>\n<h2>La Cova de la Pintura<\/h2>\n<p>[\/et_pb_text][et_pb_text _builder_version=&#8221;4.27.4&#8243; _module_preset=&#8221;default&#8221; custom_margin=&#8221;||4px|||&#8221; global_colors_info=&#8221;{}&#8221;]<\/p>\n<p>M. Carmen Gonz\u00e1lez<\/p>\n<p>[\/et_pb_text][et_pb_divider color=&#8221;#3DD7C7&#8243; _builder_version=&#8221;4.27.4&#8243; _module_preset=&#8221;default&#8221; custom_margin=&#8221;8px||-15px||false|false&#8221; custom_padding=&#8221;||0px|||&#8221; global_colors_info=&#8221;{}&#8221;][\/et_pb_divider][et_pb_text module_class=&#8221;barra-verde&#8221; _builder_version=&#8221;4.27.4&#8243; _module_preset=&#8221;default&#8221; text_font_size=&#8221;14px&#8221; custom_margin=&#8221;||4px|||&#8221; global_colors_info=&#8221;{}&#8221;]Batidora Ediciones[\/et_pb_text][et_pb_text _builder_version=&#8221;4.27.4&#8243; _module_preset=&#8221;default&#8221; text_font_size=&#8221;14px&#8221; custom_margin=&#8221;-5px|||||&#8221; global_colors_info=&#8221;{}&#8221;]<\/p>\n<p>2018<\/p>\n<p>[\/et_pb_text][\/et_pb_column][et_pb_column type=&#8221;1_4&#8243; _builder_version=&#8221;4.27.4&#8243; _module_preset=&#8221;default&#8221; background_color=&#8221;#FFFFFF&#8221; custom_padding=&#8221;20px|30px|20px|30px|false|true&#8221; animation_style=&#8221;slide&#8221; animation_direction=&#8221;bottom&#8221; animation_intensity_slide=&#8221;2%&#8221; border_radii=&#8221;on|30px|30px|30px|30px&#8221; global_colors_info=&#8221;{}&#8221;][et_pb_image src=&#8221;http:\/\/laiavilanova.org\/wp-content\/uploads\/2025\/07\/el-bruixot.jpg&#8221; title_text=&#8221;el-bruixot&#8221; _builder_version=&#8221;4.27.4&#8243; _module_preset=&#8221;default&#8221; background_enable_color=&#8221;off&#8221; width_last_edited=&#8221;off|desktop&#8221; module_alignment=&#8221;left&#8221; custom_padding=&#8221;10px||||false|false&#8221; animation_style=&#8221;fade&#8221; global_colors_info=&#8221;{}&#8221; width__hover_enabled=&#8221;off|desktop&#8221;][\/et_pb_image][et_pb_text _builder_version=&#8221;4.27.4&#8243; _module_preset=&#8221;default&#8221; custom_margin=&#8221;||-1px|||&#8221; global_colors_info=&#8221;{}&#8221;]<\/p>\n<h2>El Bruixot Maduixot<\/h2>\n<p>[\/et_pb_text][et_pb_text _builder_version=&#8221;4.27.4&#8243; _module_preset=&#8221;default&#8221; custom_margin=&#8221;||4px|||&#8221; global_colors_info=&#8221;{}&#8221;]<\/p>\n<p>M. Carmen Gonz\u00e1lez y Silvia \u00c1lvarez<\/p>\n<p>[\/et_pb_text][et_pb_divider color=&#8221;#3DD7C7&#8243; _builder_version=&#8221;4.27.4&#8243; _module_preset=&#8221;default&#8221; custom_margin=&#8221;8px||-15px||false|false&#8221; custom_padding=&#8221;||0px|||&#8221; global_colors_info=&#8221;{}&#8221;][\/et_pb_divider][et_pb_text module_class=&#8221;barra-verde&#8221; _builder_version=&#8221;4.27.4&#8243; _module_preset=&#8221;default&#8221; text_font_size=&#8221;14px&#8221; custom_margin=&#8221;||4px|||&#8221; global_colors_info=&#8221;{}&#8221;]<\/p>\n<p>Batidora Ediciones<\/p>\n<p>[\/et_pb_text][et_pb_text _builder_version=&#8221;4.27.4&#8243; _module_preset=&#8221;default&#8221; text_font_size=&#8221;14px&#8221; custom_margin=&#8221;-5px|||||&#8221; global_colors_info=&#8221;{}&#8221;]<\/p>\n<p>2017<\/p>\n<p>[\/et_pb_text][\/et_pb_column][et_pb_column type=&#8221;1_4&#8243; _builder_version=&#8221;4.27.4&#8243; _module_preset=&#8221;default&#8221; background_color=&#8221;#FFFFFF&#8221; custom_padding=&#8221;20px|30px|20px|30px|false|true&#8221; animation_style=&#8221;slide&#8221; animation_direction=&#8221;bottom&#8221; animation_intensity_slide=&#8221;2%&#8221; border_radii=&#8221;on|30px|30px|30px|30px&#8221; global_colors_info=&#8221;{}&#8221;][et_pb_image src=&#8221;http:\/\/laiavilanova.org\/wp-content\/uploads\/2025\/07\/Daxenca.jpg&#8221; title_text=&#8221;Daxenca&#8221; _builder_version=&#8221;4.27.4&#8243; _module_preset=&#8221;default&#8221; background_enable_color=&#8221;off&#8221; width_last_edited=&#8221;off|desktop&#8221; module_alignment=&#8221;left&#8221; custom_padding=&#8221;10px||||false|false&#8221; animation_style=&#8221;fade&#8221; global_colors_info=&#8221;{}&#8221; width__hover_enabled=&#8221;off|desktop&#8221;][\/et_pb_image][et_pb_text _builder_version=&#8221;4.27.4&#8243; _module_preset=&#8221;default&#8221; custom_margin=&#8221;||-1px|||&#8221; global_colors_info=&#8221;{}&#8221;]<\/p>\n<h2>D\u00e1\u0161e\u0148ka, \u00e9s a dir, la vida d\u2019un cadell<\/h2>\n<p>[\/et_pb_text][et_pb_text _builder_version=&#8221;4.27.4&#8243; _module_preset=&#8221;default&#8221; custom_margin=&#8221;||4px|||&#8221; global_colors_info=&#8221;{}&#8221;]<\/p>\n<p>Karel \u010capek<\/p>\n<p>[\/et_pb_text][et_pb_divider color=&#8221;#3DD7C7&#8243; _builder_version=&#8221;4.27.4&#8243; _module_preset=&#8221;default&#8221; custom_margin=&#8221;8px||-15px||false|false&#8221; custom_padding=&#8221;||0px|||&#8221; global_colors_info=&#8221;{}&#8221;][\/et_pb_divider][et_pb_text module_class=&#8221;barra-verde&#8221; _builder_version=&#8221;4.27.4&#8243; _module_preset=&#8221;default&#8221; text_font_size=&#8221;14px&#8221; custom_margin=&#8221;||4px|||&#8221; global_colors_info=&#8221;{}&#8221;]<\/p>\n<p>Editorial IRTA<\/p>\n<p>[\/et_pb_text][et_pb_text _builder_version=&#8221;4.27.4&#8243; _module_preset=&#8221;default&#8221; text_font_size=&#8221;14px&#8221; custom_margin=&#8221;-5px|||||&#8221; global_colors_info=&#8221;{}&#8221;]<\/p>\n<p>2008<\/p>\n<p>[\/et_pb_text][\/et_pb_column][\/et_pb_row][et_pb_row column_structure=&#8221;1_4,1_4,1_4,1_4&#8243; use_custom_gutter=&#8221;on&#8221; gutter_width=&#8221;2&#8243; make_equal=&#8221;on&#8221; disabled_on=&#8221;on|on|on&#8221; _builder_version=&#8221;4.27.4&#8243; _module_preset=&#8221;default&#8221; background_enable_color=&#8221;off&#8221; custom_padding=&#8221;0px|||||&#8221; border_radii=&#8221;on|30px|30px|30px|30px&#8221; disabled=&#8221;on&#8221; global_colors_info=&#8221;{}&#8221;][et_pb_column type=&#8221;1_4&#8243; _builder_version=&#8221;4.27.4&#8243; _module_preset=&#8221;default&#8221; background_color=&#8221;#FFFFFF&#8221; custom_padding=&#8221;20px|30px|20px|30px|false|true&#8221; animation_style=&#8221;slide&#8221; animation_direction=&#8221;bottom&#8221; animation_intensity_slide=&#8221;2%&#8221; border_radii=&#8221;on|30px|30px|30px|30px&#8221; global_colors_info=&#8221;{}&#8221;][et_pb_image src=&#8221;http:\/\/laiavilanova.org\/wp-content\/uploads\/2025\/07\/Olfactededetectiu.jpg&#8221; title_text=&#8221;Olfactededetectiu&#8221; _builder_version=&#8221;4.27.4&#8243; _module_preset=&#8221;default&#8221; background_enable_color=&#8221;off&#8221; width_last_edited=&#8221;off|desktop&#8221; module_alignment=&#8221;left&#8221; custom_padding=&#8221;10px||||false|false&#8221; animation_style=&#8221;fade&#8221; global_colors_info=&#8221;{}&#8221; width__hover_enabled=&#8221;off|desktop&#8221;][\/et_pb_image][et_pb_text _builder_version=&#8221;4.27.4&#8243; _module_preset=&#8221;default&#8221; custom_margin=&#8221;||-1px|||&#8221; global_colors_info=&#8221;{}&#8221;]<\/p>\n<h2>Olfacte de detectiu<\/h2>\n<p>[\/et_pb_text][et_pb_text _builder_version=&#8221;4.27.4&#8243; _module_preset=&#8221;default&#8221; custom_margin=&#8221;||4px|||&#8221; global_colors_info=&#8221;{}&#8221;]<\/p>\n<p>C. N\u00f6stlinger<\/p>\n<p>[\/et_pb_text][et_pb_divider color=&#8221;#3DD7C7&#8243; _builder_version=&#8221;4.27.4&#8243; _module_preset=&#8221;default&#8221; custom_margin=&#8221;8px||-15px||false|false&#8221; custom_padding=&#8221;||0px|||&#8221; global_colors_info=&#8221;{}&#8221;][\/et_pb_divider][et_pb_text module_class=&#8221;barra-verde&#8221; _builder_version=&#8221;4.27.4&#8243; _module_preset=&#8221;default&#8221; text_font_size=&#8221;14px&#8221; custom_margin=&#8221;||4px|||&#8221; global_colors_info=&#8221;{}&#8221;]<\/p>\n<p>Edicions Bromera<\/p>\n<p>[\/et_pb_text][et_pb_text _builder_version=&#8221;4.27.4&#8243; _module_preset=&#8221;default&#8221; text_font_size=&#8221;14px&#8221; custom_margin=&#8221;-5px|||||&#8221; global_colors_info=&#8221;{}&#8221;]<\/p>\n<p>2006<\/p>\n<p>[\/et_pb_text][\/et_pb_column][et_pb_column type=&#8221;1_4&#8243; _builder_version=&#8221;4.27.4&#8243; _module_preset=&#8221;default&#8221; background_color=&#8221;#FFFFFF&#8221; custom_padding=&#8221;20px|30px|20px|30px|false|true&#8221; animation_style=&#8221;slide&#8221; animation_direction=&#8221;bottom&#8221; animation_intensity_slide=&#8221;2%&#8221; border_radii=&#8221;on|30px|30px|30px|30px&#8221; global_colors_info=&#8221;{}&#8221;][et_pb_image src=&#8221;http:\/\/laiavilanova.org\/wp-content\/uploads\/2025\/07\/los-demonios-de-pandora.jpg&#8221; title_text=&#8221;los-demonios-de-pandora&#8221; _builder_version=&#8221;4.27.4&#8243; _module_preset=&#8221;default&#8221; background_enable_color=&#8221;off&#8221; width_last_edited=&#8221;off|desktop&#8221; module_alignment=&#8221;left&#8221; custom_padding=&#8221;10px||||false|false&#8221; animation_style=&#8221;fade&#8221; global_colors_info=&#8221;{}&#8221; width__hover_enabled=&#8221;off|desktop&#8221;][\/et_pb_image][et_pb_text _builder_version=&#8221;4.27.4&#8243; _module_preset=&#8221;default&#8221; custom_margin=&#8221;||-1px|||&#8221; global_colors_info=&#8221;{}&#8221;]<\/p>\n<h2>Los demonios de Pandora<\/h2>\n<p>[\/et_pb_text][et_pb_text _builder_version=&#8221;4.27.4&#8243; _module_preset=&#8221;default&#8221; custom_margin=&#8221;||4px|||&#8221; global_colors_info=&#8221;{}&#8221;]<\/p>\n<p>S. Vilapalana<\/p>\n<p>[\/et_pb_text][et_pb_divider color=&#8221;#3DD7C7&#8243; _builder_version=&#8221;4.27.4&#8243; _module_preset=&#8221;default&#8221; custom_margin=&#8221;8px||-15px||false|false&#8221; custom_padding=&#8221;||0px|||&#8221; global_colors_info=&#8221;{}&#8221;][\/et_pb_divider][et_pb_text module_class=&#8221;barra-verde&#8221; _builder_version=&#8221;4.27.4&#8243; _module_preset=&#8221;default&#8221; text_font_size=&#8221;14px&#8221; custom_margin=&#8221;||4px|||&#8221; global_colors_info=&#8221;{}&#8221;]<\/p>\n<p>Algar Editorial<\/p>\n<p>[\/et_pb_text][et_pb_text _builder_version=&#8221;4.27.4&#8243; _module_preset=&#8221;default&#8221; text_font_size=&#8221;14px&#8221; custom_margin=&#8221;-5px|||||&#8221; global_colors_info=&#8221;{}&#8221;]<\/p>\n<p>2006<\/p>\n<p>[\/et_pb_text][\/et_pb_column][et_pb_column type=&#8221;1_4&#8243; _builder_version=&#8221;4.27.4&#8243; _module_preset=&#8221;default&#8221; background_color=&#8221;#FFFFFF&#8221; custom_padding=&#8221;20px|30px|20px|30px|false|true&#8221; animation_style=&#8221;slide&#8221; animation_direction=&#8221;bottom&#8221; animation_intensity_slide=&#8221;2%&#8221; border_radii=&#8221;on|30px|30px|30px|30px&#8221; global_colors_info=&#8221;{}&#8221;][et_pb_image src=&#8221;http:\/\/laiavilanova.org\/wp-content\/uploads\/2025\/07\/sin-portada.jpg&#8221; title_text=&#8221;sin-portada&#8221; _builder_version=&#8221;4.27.4&#8243; _module_preset=&#8221;default&#8221; background_enable_color=&#8221;off&#8221; width_last_edited=&#8221;off|desktop&#8221; module_alignment=&#8221;left&#8221; custom_padding=&#8221;10px||||false|false&#8221; animation_style=&#8221;fade&#8221; global_colors_info=&#8221;{}&#8221; width__hover_enabled=&#8221;off|desktop&#8221;][\/et_pb_image][et_pb_text _builder_version=&#8221;4.27.4&#8243; _module_preset=&#8221;default&#8221; custom_margin=&#8221;||-1px|||&#8221; global_colors_info=&#8221;{}&#8221;]<\/p>\n<h2>El s\u00f2rab a Lus\u00e0cia: la pol\u00edtica ling\u00fc\u00edstica i l\u2019\u00fas de l\u2019idioma<\/h2>\n<p>[\/et_pb_text][et_pb_text _builder_version=&#8221;4.27.4&#8243; _module_preset=&#8221;default&#8221; custom_margin=&#8221;||4px|||&#8221; global_colors_info=&#8221;{}&#8221;]<\/p>\n<p>Ludwig Elle<\/p>\n<p>[\/et_pb_text][et_pb_divider color=&#8221;#3DD7C7&#8243; _builder_version=&#8221;4.27.4&#8243; _module_preset=&#8221;default&#8221; custom_margin=&#8221;8px||-15px||false|false&#8221; custom_padding=&#8221;||0px|||&#8221; global_colors_info=&#8221;{}&#8221;][\/et_pb_divider][et_pb_text module_class=&#8221;barra-verde&#8221; _builder_version=&#8221;4.27.4&#8243; _module_preset=&#8221;default&#8221; text_font_size=&#8221;14px&#8221; custom_margin=&#8221;||4px|||&#8221; global_colors_info=&#8221;{}&#8221;]<\/p>\n<p>Agrupaci\u00f3 Borrianenca de Cultura<\/p>\n<p>[\/et_pb_text][et_pb_text _builder_version=&#8221;4.27.4&#8243; _module_preset=&#8221;default&#8221; text_font_size=&#8221;14px&#8221; custom_margin=&#8221;-5px|||||&#8221; global_colors_info=&#8221;{}&#8221;]<\/p>\n<p>2006<\/p>\n<p>[\/et_pb_text][\/et_pb_column][et_pb_column type=&#8221;1_4&#8243; _builder_version=&#8221;4.27.4&#8243; _module_preset=&#8221;default&#8221; background_color=&#8221;#FFFFFF&#8221; custom_padding=&#8221;20px|30px|20px|30px|false|true&#8221; animation_style=&#8221;slide&#8221; animation_direction=&#8221;bottom&#8221; animation_intensity_slide=&#8221;2%&#8221; border_radii=&#8221;on|30px|30px|30px|30px&#8221; global_colors_info=&#8221;{}&#8221;][et_pb_image src=&#8221;http:\/\/laiavilanova.org\/wp-content\/uploads\/2025\/07\/sin-portada.jpg&#8221; title_text=&#8221;sin-portada&#8221; _builder_version=&#8221;4.27.4&#8243; _module_preset=&#8221;default&#8221; background_enable_color=&#8221;off&#8221; width_last_edited=&#8221;off|desktop&#8221; module_alignment=&#8221;left&#8221; custom_padding=&#8221;10px||||false|false&#8221; animation_style=&#8221;fade&#8221; global_colors_info=&#8221;{}&#8221; width__hover_enabled=&#8221;off|desktop&#8221;][\/et_pb_image][et_pb_text _builder_version=&#8221;4.27.4&#8243; _module_preset=&#8221;default&#8221; custom_margin=&#8221;||-1px|||&#8221; global_colors_info=&#8221;{}&#8221;]<\/p>\n<h2>L\u2019euskara, la llengua basca<\/h2>\n<p>[\/et_pb_text][et_pb_text _builder_version=&#8221;4.27.4&#8243; _module_preset=&#8221;default&#8221; custom_margin=&#8221;||4px|||&#8221; global_colors_info=&#8221;{}&#8221;]<\/p>\n<p>Andoni Barre\u00f1a<\/p>\n<p>[\/et_pb_text][et_pb_divider color=&#8221;#3DD7C7&#8243; _builder_version=&#8221;4.27.4&#8243; _module_preset=&#8221;default&#8221; custom_margin=&#8221;8px||-15px||false|false&#8221; custom_padding=&#8221;||0px|||&#8221; global_colors_info=&#8221;{}&#8221;][\/et_pb_divider][et_pb_text module_class=&#8221;barra-verde&#8221; _builder_version=&#8221;4.27.4&#8243; _module_preset=&#8221;default&#8221; text_font_size=&#8221;14px&#8221; custom_margin=&#8221;||4px|||&#8221; global_colors_info=&#8221;{}&#8221;]<\/p>\n<p>Agrupaci\u00f3 Borrianenca de Cultura<\/p>\n<p>[\/et_pb_text][et_pb_text _builder_version=&#8221;4.27.4&#8243; _module_preset=&#8221;default&#8221; text_font_size=&#8221;14px&#8221; custom_margin=&#8221;-5px|||||&#8221; global_colors_info=&#8221;{}&#8221;]<\/p>\n<p>2006<\/p>\n<p>[\/et_pb_text][\/et_pb_column][\/et_pb_row][\/et_pb_section]<\/p>\n","protected":false},"excerpt":{"rendered":"<p>[et_pb_section fb_built=&#8221;1&#8243; _builder_version=&#8221;4.27.4&#8243; _module_preset=&#8221;default&#8221; background_color=&#8221;#FEF9F0&#8243; global_colors_info=&#8221;{}&#8221;][et_pb_row _builder_version=&#8221;4.27.4&#8243; _module_preset=&#8221;default&#8221; global_colors_info=&#8221;{}&#8221;][et_pb_column type=&#8221;4_4&#8243; _builder_version=&#8221;4.27.4&#8243; _module_preset=&#8221;default&#8221; global_colors_info=&#8221;{}&#8221;][et_pb_text _builder_version=&#8221;4.27.4&#8243; _dynamic_attributes=&#8221;content&#8221; _module_preset=&#8221;default&#8221; header_font=&#8221;|700|||||||&#8221; header_font_size=&#8221;52px&#8221; custom_margin=&#8221;||24px|||&#8221; header_font_size_tablet=&#8221;48px&#8221; header_font_size_phone=&#8221;38px&#8221; header_font_size_last_edited=&#8221;on|tablet&#8221; global_colors_info=&#8221;{}&#8221;]@ET-DC@eyJkeW5hbWljIjp0cnVlLCJjb250ZW50IjoicG9zdF90aXRsZSIsInNldHRpbmdzIjp7ImJlZm9yZSI6IjxoMT4iLCJhZnRlciI6IjwvaDE+IiwiZW5hYmxlX2h0bWwiOiJvZmYifX0=@[\/et_pb_text][et_pb_text _builder_version=&#8221;4.27.4&#8243; _module_preset=&#8221;default&#8221; hover_enabled=&#8221;0&#8243; global_colors_info=&#8221;{}&#8221; sticky_enabled=&#8221;0&#8243;] Literary translation, in addition to being part of my professional business, is a craft that lets me turn work into a passion. Here you can see some [&hellip;]<\/p>\n","protected":false},"author":1,"featured_media":0,"parent":0,"menu_order":0,"comment_status":"closed","ping_status":"closed","template":"","meta":{"_acf_changed":false,"_et_pb_use_builder":"on","_et_pb_old_content":"","_et_gb_content_width":"","footnotes":""},"class_list":["post-1343","page","type-page","status-publish","hentry"],"acf":[],"_links":{"self":[{"href":"https:\/\/laiavilanova.org\/en\/wp-json\/wp\/v2\/pages\/1343","targetHints":{"allow":["GET"]}}],"collection":[{"href":"https:\/\/laiavilanova.org\/en\/wp-json\/wp\/v2\/pages"}],"about":[{"href":"https:\/\/laiavilanova.org\/en\/wp-json\/wp\/v2\/types\/page"}],"author":[{"embeddable":true,"href":"https:\/\/laiavilanova.org\/en\/wp-json\/wp\/v2\/users\/1"}],"replies":[{"embeddable":true,"href":"https:\/\/laiavilanova.org\/en\/wp-json\/wp\/v2\/comments?post=1343"}],"version-history":[{"count":4,"href":"https:\/\/laiavilanova.org\/en\/wp-json\/wp\/v2\/pages\/1343\/revisions"}],"predecessor-version":[{"id":1368,"href":"https:\/\/laiavilanova.org\/en\/wp-json\/wp\/v2\/pages\/1343\/revisions\/1368"}],"wp:attachment":[{"href":"https:\/\/laiavilanova.org\/en\/wp-json\/wp\/v2\/media?parent=1343"}],"curies":[{"name":"wp","href":"https:\/\/api.w.org\/{rel}","templated":true}]}}